{"id":6908,"date":"2024-12-12T08:47:32","date_gmt":"2024-12-12T07:47:32","guid":{"rendered":"https:\/\/labarberiapels.es\/nosotros\/"},"modified":"2025-10-01T14:17:09","modified_gmt":"2025-10-01T12:17:09","slug":"nosotros","status":"publish","type":"page","link":"https:\/\/labarberiapels.es\/es\/nosotros\/","title":{"rendered":"Nosotros"},"content":{"rendered":"\t\t<div data-elementor-type=\"wp-page\" data-elementor-id=\"6908\" class=\"elementor elementor-6908 elementor-6653\" data-elementor-post-type=\"page\">\n\t\t\t\t\t\t<section class=\"elementor-section elementor-top-section elementor-element elementor-element-efa1d2d elementor-section-height-min-height elementor-section-items-top elementor-section-boxed elementor-section-height-default\" data-id=\"efa1d2d\" data-element_type=\"section\" data-settings=\"{&quot;background_background&quot;:&quot;classic&quot;}\">\n\t\t\t\t\t\t<div class=\"elementor-container elementor-column-gap-default\">\n\t\t\t\t\t<div class=\"elementor-column elementor-col-100 elementor-top-column elementor-element elementor-element-1686c02\" data-id=\"1686c02\" data-element_type=\"column\">\n\t\t\t<div class=\"elementor-widget-wrap elementor-element-populated\">\n\t\t\t\t\t\t<div class=\"elementor-element elementor-element-e08f974 elementor-invisible elementor-widget elementor-widget-heading\" data-id=\"e08f974\" data-element_type=\"widget\" data-settings=\"{&quot;_animation&quot;:&quot;fadeInLeft&quot;}\" data-widget_type=\"heading.default\">\n\t\t\t\t<div class=\"elementor-widget-container\">\n\t\t\t<h2 class=\"elementor-heading-title elementor-size-default\">Nuestra<br>\n  historia\n<\/h2>\t\t<\/div>\n\t\t\t\t<\/div>\n\t\t\t\t\t<\/div>\n\t\t<\/div>\n\t\t\t\t\t<\/div>\n\t\t<\/section>\n\t\t\t\t<section class=\"elementor-section elementor-top-section elementor-element elementor-element-7a4f0d6 elementor-section-boxed elementor-section-height-default elementor-section-height-default\" data-id=\"7a4f0d6\" data-element_type=\"section\">\n\t\t\t\t\t\t<div class=\"elementor-container elementor-column-gap-default\">\n\t\t\t\t\t<div class=\"elementor-column elementor-col-50 elementor-top-column elementor-element elementor-element-44590d4 elementor-invisible\" data-id=\"44590d4\" data-element_type=\"column\" data-settings=\"{&quot;animation&quot;:&quot;fadeInLeft&quot;}\">\n\t\t\t<div class=\"elementor-widget-wrap elementor-element-populated\">\n\t\t\t\t\t\t<div class=\"elementor-element elementor-element-9300b19 elementor-widget__width-initial elementor-widget-tablet__width-inherit elementor-widget elementor-widget-text-editor\" data-id=\"9300b19\" data-element_type=\"widget\" data-widget_type=\"text-editor.default\">\n\t\t\t\t<div class=\"elementor-widget-container\">\n\t\t\t\t\t\t\t<p>La Barber\u00eda de P\u00e8ls es una barber\u00eda tradicional y cl\u00e1sica con un toque moderno<\/p>\t\t\t\t\t\t<\/div>\n\t\t\t\t<\/div>\n\t\t\t\t\t<\/div>\n\t\t<\/div>\n\t\t\t\t<div class=\"elementor-column elementor-col-50 elementor-top-column elementor-element elementor-element-2e5654d elementor-invisible\" data-id=\"2e5654d\" data-element_type=\"column\" data-settings=\"{&quot;animation&quot;:&quot;fadeInRight&quot;}\">\n\t\t\t<div class=\"elementor-widget-wrap elementor-element-populated\">\n\t\t\t\t\t\t<div class=\"elementor-element elementor-element-c56e77f elementor-widget elementor-widget-text-editor\" data-id=\"c56e77f\" data-element_type=\"widget\" data-widget_type=\"text-editor.default\">\n\t\t\t\t<div class=\"elementor-widget-container\">\n\t\t\t\t\t\t\t<p>La Barber\u00eda de P\u00e8ls es una barber\u00eda tradicional y cl\u00e1sica con un toque moderno. Nuestro espacio, dirigido al p\u00fablico masculino, es un lugar exclusivo para el cuidado del hombre y para vivir intensamente las sensaciones que ofrece un aut\u00e9ntico afeitado en navaja con toalla caliente aromatizada o un masaje capilar con az\u00facar de ca\u00f1a.<\/p>\t\t\t\t\t\t<\/div>\n\t\t\t\t<\/div>\n\t\t\t\t\t<\/div>\n\t\t<\/div>\n\t\t\t\t\t<\/div>\n\t\t<\/section>\n\t\t\t\t<section class=\"elementor-section elementor-top-section elementor-element elementor-element-5479894 elementor-section-full_width elementor-section-height-default elementor-section-height-default\" data-id=\"5479894\" data-element_type=\"section\" data-settings=\"{&quot;background_background&quot;:&quot;classic&quot;}\">\n\t\t\t\t\t\t<div class=\"elementor-container elementor-column-gap-default\">\n\t\t\t\t\t<div class=\"elementor-column elementor-col-50 elementor-top-column elementor-element elementor-element-0bc68b6\" data-id=\"0bc68b6\" data-element_type=\"column\" data-settings=\"{&quot;background_background&quot;:&quot;classic&quot;}\">\n\t\t\t<div class=\"elementor-widget-wrap elementor-element-populated\">\n\t\t\t\t\t\t<div class=\"elementor-element elementor-element-983009d elementor-widget elementor-widget-spacer\" data-id=\"983009d\" data-element_type=\"widget\" data-widget_type=\"spacer.default\">\n\t\t\t\t<div class=\"elementor-widget-container\">\n\t\t\t\t\t<div class=\"elementor-spacer\">\n\t\t\t<div class=\"elementor-spacer-inner\"><\/div>\n\t\t<\/div>\n\t\t\t\t<\/div>\n\t\t\t\t<\/div>\n\t\t\t\t\t<\/div>\n\t\t<\/div>\n\t\t\t\t<div class=\"elementor-column elementor-col-50 elementor-top-column elementor-element elementor-element-a6c53af\" data-id=\"a6c53af\" data-element_type=\"column\">\n\t\t\t<div class=\"elementor-widget-wrap elementor-element-populated\">\n\t\t\t\t\t\t<div class=\"elementor-element elementor-element-9795fc3 elementor-invisible elementor-widget elementor-widget-text-editor\" data-id=\"9795fc3\" data-element_type=\"widget\" data-settings=\"{&quot;_animation&quot;:&quot;fadeInUp&quot;}\" data-widget_type=\"text-editor.default\">\n\t\t\t\t<div class=\"elementor-widget-container\">\n\t\t\t\t\t\t\t<p>ofrecemos un amplio abanico de servicios con todas las tendencias actuales de corte y est\u00e9tica para que el hombre pueda mimarse y cuidarse de pies a cabeza.<\/p>\t\t\t\t\t\t<\/div>\n\t\t\t\t<\/div>\n\t\t\t\t<div class=\"elementor-element elementor-element-27ed61b elementor-invisible elementor-widget elementor-widget-text-editor\" data-id=\"27ed61b\" data-element_type=\"widget\" data-settings=\"{&quot;_animation&quot;:&quot;fadeInUp&quot;}\" data-widget_type=\"text-editor.default\">\n\t\t\t\t<div class=\"elementor-widget-container\">\n\t\t\t\t\t\t\t<p>Nuestra barber\u00eda, decorada con un gusto exquisito y con un ambiente musical que recuerda a los clubs de jazz de los 20 y los 30, no s\u00f3lo es un espacio para cuidarse sino tambi\u00e9n para desconectar y relajarse.<\/p><p>Con peque\u00f1os detalles que hacen que las cosas sean m\u00e1s f\u00e1ciles, parking y servicio de bar gratuito, donde podr\u00e1 disfrutar de un caf\u00e9, cerveza o un buen gin-tonic mientras se espera. Un lugar en el que los hombres son recibidos y tratados como aut\u00e9nticos caballeros.<\/p><p>Una trayectoria de varias generaciones hace que actualmente dispongamos de dos centros de alta peluquer\u00eda y un centro de est\u00e9tica y belleza.<\/p>\t\t\t\t\t\t<\/div>\n\t\t\t\t<\/div>\n\t\t\t\t\t<\/div>\n\t\t<\/div>\n\t\t\t\t\t<\/div>\n\t\t<\/section>\n\t\t\t\t<\/div>\n\t\t","protected":false},"excerpt":{"rendered":"<p>Nuestra historia La Barber\u00eda de P\u00e8ls es una barber\u00eda tradicional y cl\u00e1sica con un toque moderno La Barber\u00eda de P\u00e8ls es una barber\u00eda tradicional y cl\u00e1sica con un toque moderno. Nuestro espacio, dirigido al p\u00fablico masculino, es un lugar exclusivo para el cuidado del hombre y para vivir intensamente las sensaciones que ofrece un aut\u00e9ntico [&hellip;]<\/p>\n","protected":false},"author":1,"featured_media":0,"parent":0,"menu_order":0,"comment_status":"closed","ping_status":"closed","template":"elementor_header_footer","meta":{"footnotes":""},"class_list":["post-6908","page","type-page","status-publish","hentry"],"yoast_head":"<!-- This site is optimized with the Yoast SEO plugin v24.4 - https:\/\/yoast.com\/wordpress\/plugins\/seo\/ -->\n<title>Nosotros - La Barberia de P\u00e8ls<\/title>\n<meta name=\"robots\" content=\"index, follow, max-snippet:-1, max-image-preview:large, max-video-preview:-1\" \/>\n<link rel=\"canonical\" href=\"https:\/\/labarberiapels.es\/es\/nosotros\/\" \/>\n<meta property=\"og:locale\" content=\"es_ES\" \/>\n<meta property=\"og:type\" content=\"article\" \/>\n<meta property=\"og:title\" content=\"Nosotros - La Barberia de P\u00e8ls\" \/>\n<meta property=\"og:description\" content=\"Nuestra historia La Barber\u00eda de P\u00e8ls es una barber\u00eda tradicional y cl\u00e1sica con un toque moderno La Barber\u00eda de P\u00e8ls es una barber\u00eda tradicional y cl\u00e1sica con un toque moderno. Nuestro espacio, dirigido al p\u00fablico masculino, es un lugar exclusivo para el cuidado del hombre y para vivir intensamente las sensaciones que ofrece un aut\u00e9ntico [&hellip;]\" \/>\n<meta property=\"og:url\" content=\"https:\/\/labarberiapels.es\/es\/nosotros\/\" \/>\n<meta property=\"og:site_name\" content=\"La Barberia de P\u00e8ls\" \/>\n<meta property=\"article:modified_time\" content=\"2025-10-01T12:17:09+00:00\" \/>\n<meta name=\"twitter:card\" content=\"summary_large_image\" \/>\n<meta name=\"twitter:label1\" content=\"Tiempo de lectura\" \/>\n\t<meta name=\"twitter:data1\" content=\"1 minuto\" \/>\n<script type=\"application\/ld+json\" class=\"yoast-schema-graph\">{\"@context\":\"https:\/\/schema.org\",\"@graph\":[{\"@type\":\"WebPage\",\"@id\":\"https:\/\/labarberiapels.es\/es\/nosotros\/\",\"url\":\"https:\/\/labarberiapels.es\/es\/nosotros\/\",\"name\":\"Nosotros - La Barberia de P\u00e8ls\",\"isPartOf\":{\"@id\":\"https:\/\/labarberiapels.es\/es\/#website\"},\"datePublished\":\"2024-12-12T07:47:32+00:00\",\"dateModified\":\"2025-10-01T12:17:09+00:00\",\"breadcrumb\":{\"@id\":\"https:\/\/labarberiapels.es\/es\/nosotros\/#breadcrumb\"},\"inLanguage\":\"es\",\"potentialAction\":[{\"@type\":\"ReadAction\",\"target\":[\"https:\/\/labarberiapels.es\/es\/nosotros\/\"]}]},{\"@type\":\"BreadcrumbList\",\"@id\":\"https:\/\/labarberiapels.es\/es\/nosotros\/#breadcrumb\",\"itemListElement\":[{\"@type\":\"ListItem\",\"position\":1,\"name\":\"Portada\",\"item\":\"https:\/\/labarberiapels.es\/es\/hombre\/\"},{\"@type\":\"ListItem\",\"position\":2,\"name\":\"Nosotros\"}]},{\"@type\":\"WebSite\",\"@id\":\"https:\/\/labarberiapels.es\/es\/#website\",\"url\":\"https:\/\/labarberiapels.es\/es\/\",\"name\":\"La Barberia de P\u00e8ls\",\"description\":\"\",\"publisher\":{\"@id\":\"https:\/\/labarberiapels.es\/es\/#organization\"},\"potentialAction\":[{\"@type\":\"SearchAction\",\"target\":{\"@type\":\"EntryPoint\",\"urlTemplate\":\"https:\/\/labarberiapels.es\/es\/?s={search_term_string}\"},\"query-input\":{\"@type\":\"PropertyValueSpecification\",\"valueRequired\":true,\"valueName\":\"search_term_string\"}}],\"inLanguage\":\"es\"},{\"@type\":\"Organization\",\"@id\":\"https:\/\/labarberiapels.es\/es\/#organization\",\"name\":\"La Barberia de P\u00e8ls\",\"url\":\"https:\/\/labarberiapels.es\/es\/\",\"logo\":{\"@type\":\"ImageObject\",\"inLanguage\":\"es\",\"@id\":\"https:\/\/labarberiapels.es\/es\/#\/schema\/logo\/image\/\",\"url\":\"https:\/\/labarberiapels.es\/wp-content\/uploads\/2023\/04\/Logo-Barberia.png\",\"contentUrl\":\"https:\/\/labarberiapels.es\/wp-content\/uploads\/2023\/04\/Logo-Barberia.png\",\"width\":681,\"height\":681,\"caption\":\"La Barberia de P\u00e8ls\"},\"image\":{\"@id\":\"https:\/\/labarberiapels.es\/es\/#\/schema\/logo\/image\/\"}}]}<\/script>\n<!-- \/ Yoast SEO plugin. -->","yoast_head_json":{"title":"Nosotros - La Barberia de P\u00e8ls","robots":{"index":"index","follow":"follow","max-snippet":"max-snippet:-1","max-image-preview":"max-image-preview:large","max-video-preview":"max-video-preview:-1"},"canonical":"https:\/\/labarberiapels.es\/es\/nosotros\/","og_locale":"es_ES","og_type":"article","og_title":"Nosotros - La Barberia de P\u00e8ls","og_description":"Nuestra historia La Barber\u00eda de P\u00e8ls es una barber\u00eda tradicional y cl\u00e1sica con un toque moderno La Barber\u00eda de P\u00e8ls es una barber\u00eda tradicional y cl\u00e1sica con un toque moderno. Nuestro espacio, dirigido al p\u00fablico masculino, es un lugar exclusivo para el cuidado del hombre y para vivir intensamente las sensaciones que ofrece un aut\u00e9ntico [&hellip;]","og_url":"https:\/\/labarberiapels.es\/es\/nosotros\/","og_site_name":"La Barberia de P\u00e8ls","article_modified_time":"2025-10-01T12:17:09+00:00","twitter_card":"summary_large_image","twitter_misc":{"Tiempo de lectura":"1 minuto"},"schema":{"@context":"https:\/\/schema.org","@graph":[{"@type":"WebPage","@id":"https:\/\/labarberiapels.es\/es\/nosotros\/","url":"https:\/\/labarberiapels.es\/es\/nosotros\/","name":"Nosotros - La Barberia de P\u00e8ls","isPartOf":{"@id":"https:\/\/labarberiapels.es\/es\/#website"},"datePublished":"2024-12-12T07:47:32+00:00","dateModified":"2025-10-01T12:17:09+00:00","breadcrumb":{"@id":"https:\/\/labarberiapels.es\/es\/nosotros\/#breadcrumb"},"inLanguage":"es","potentialAction":[{"@type":"ReadAction","target":["https:\/\/labarberiapels.es\/es\/nosotros\/"]}]},{"@type":"BreadcrumbList","@id":"https:\/\/labarberiapels.es\/es\/nosotros\/#breadcrumb","itemListElement":[{"@type":"ListItem","position":1,"name":"Portada","item":"https:\/\/labarberiapels.es\/es\/hombre\/"},{"@type":"ListItem","position":2,"name":"Nosotros"}]},{"@type":"WebSite","@id":"https:\/\/labarberiapels.es\/es\/#website","url":"https:\/\/labarberiapels.es\/es\/","name":"La Barberia de P\u00e8ls","description":"","publisher":{"@id":"https:\/\/labarberiapels.es\/es\/#organization"},"potentialAction":[{"@type":"SearchAction","target":{"@type":"EntryPoint","urlTemplate":"https:\/\/labarberiapels.es\/es\/?s={search_term_string}"},"query-input":{"@type":"PropertyValueSpecification","valueRequired":true,"valueName":"search_term_string"}}],"inLanguage":"es"},{"@type":"Organization","@id":"https:\/\/labarberiapels.es\/es\/#organization","name":"La Barberia de P\u00e8ls","url":"https:\/\/labarberiapels.es\/es\/","logo":{"@type":"ImageObject","inLanguage":"es","@id":"https:\/\/labarberiapels.es\/es\/#\/schema\/logo\/image\/","url":"https:\/\/labarberiapels.es\/wp-content\/uploads\/2023\/04\/Logo-Barberia.png","contentUrl":"https:\/\/labarberiapels.es\/wp-content\/uploads\/2023\/04\/Logo-Barberia.png","width":681,"height":681,"caption":"La Barberia de P\u00e8ls"},"image":{"@id":"https:\/\/labarberiapels.es\/es\/#\/schema\/logo\/image\/"}}]}},"_links":{"self":[{"href":"https:\/\/labarberiapels.es\/es\/wp-json\/wp\/v2\/pages\/6908","targetHints":{"allow":["GET"]}}],"collection":[{"href":"https:\/\/labarberiapels.es\/es\/wp-json\/wp\/v2\/pages"}],"about":[{"href":"https:\/\/labarberiapels.es\/es\/wp-json\/wp\/v2\/types\/page"}],"author":[{"embeddable":true,"href":"https:\/\/labarberiapels.es\/es\/wp-json\/wp\/v2\/users\/1"}],"replies":[{"embeddable":true,"href":"https:\/\/labarberiapels.es\/es\/wp-json\/wp\/v2\/comments?post=6908"}],"version-history":[{"count":2,"href":"https:\/\/labarberiapels.es\/es\/wp-json\/wp\/v2\/pages\/6908\/revisions"}],"predecessor-version":[{"id":7095,"href":"https:\/\/labarberiapels.es\/es\/wp-json\/wp\/v2\/pages\/6908\/revisions\/7095"}],"wp:attachment":[{"href":"https:\/\/labarberiapels.es\/es\/wp-json\/wp\/v2\/media?parent=6908"}],"curies":[{"name":"wp","href":"https:\/\/api.w.org\/{rel}","templated":true}]}}